{"id":1476,"date":"2021-06-15T18:12:31","date_gmt":"2021-06-15T16:12:31","guid":{"rendered":"http:\/\/www.animabelge.be\/?page_id=1476"},"modified":"2026-01-12T13:22:21","modified_gmt":"2026-01-12T12:22:21","slug":"stage-dete","status":"publish","type":"page","link":"https:\/\/www.animabelge.be\/?page_id=1476","title":{"rendered":"Stages"},"content":{"rendered":"\n<figure class=\"wp-block-pullquote\"><blockquote><p>En 2026, nous organisons 5 semaines de stages. La premi\u00e8re aura lieu en f\u00e9vrier, quatre autres ont lieu en mai, une en juillet, une en ao\u00fbt et la derni\u00e8re aura lieu \u00e0 l&rsquo;automne.  <strong>Attention : nouveau tarif \u00e0 partir du 1er janvier 2026<\/strong><\/p><\/blockquote><\/figure>\n\n\n\n<p>Animabelge ASBL propose \u00e0 votre enfant de nous accompagner dans les t\u00e2ches quotidiennes de soin aux animaux et au potager de l&rsquo;asbl.<\/p>\n\n\n\n<figure class=\"wp-block-gallery has-nested-images columns-default is-cropped wp-block-gallery-1 is-layout-flex wp-block-gallery-is-layout-flex\">\n<figure class=\"wp-block-image size-large\"><img data-recalc-dims=\"1\" loading=\"lazy\" decoding=\"async\" width=\"525\" height=\"225\" data-attachment-id=\"1558\" data-permalink=\"https:\/\/www.animabelge.be\/?attachment_id=1558\" data-orig-file=\"https:\/\/i0.wp.com\/www.animabelge.be\/wp-content\/uploads\/2022\/01\/Polaroids1.png?fit=2243%2C959&amp;ssl=1\" data-orig-size=\"2243,959\" data-comments-opened=\"0\" data-image-meta=\"{&quot;aperture&quot;:&quot;0&quot;,&quot;credit&quot;:&quot;&quot;,&quot;camera&quot;:&quot;&quot;,&quot;caption&quot;:&quot;&quot;,&quot;created_timestamp&quot;:&quot;0&quot;,&quot;copyright&quot;:&quot;&quot;,&quot;focal_length&quot;:&quot;0&quot;,&quot;iso&quot;:&quot;0&quot;,&quot;shutter_speed&quot;:&quot;0&quot;,&quot;title&quot;:&quot;&quot;,&quot;orientation&quot;:&quot;0&quot;}\" data-image-title=\"Polaroids1\" data-image-description=\"\" data-image-caption=\"\" data-medium-file=\"https:\/\/i0.wp.com\/www.animabelge.be\/wp-content\/uploads\/2022\/01\/Polaroids1.png?fit=300%2C128&amp;ssl=1\" data-large-file=\"https:\/\/i0.wp.com\/www.animabelge.be\/wp-content\/uploads\/2022\/01\/Polaroids1.png?fit=525%2C225&amp;ssl=1\" data-id=\"1558\" src=\"https:\/\/i0.wp.com\/www.animabelge.be\/wp-content\/uploads\/2022\/01\/Polaroids1.png?resize=525%2C225\" alt=\"\" class=\"wp-image-1558\" srcset=\"https:\/\/i0.wp.com\/www.animabelge.be\/wp-content\/uploads\/2022\/01\/Polaroids1.png?resize=1024%2C438&amp;ssl=1 1024w, https:\/\/i0.wp.com\/www.animabelge.be\/wp-content\/uploads\/2022\/01\/Polaroids1.png?resize=300%2C128&amp;ssl=1 300w, https:\/\/i0.wp.com\/www.animabelge.be\/wp-content\/uploads\/2022\/01\/Polaroids1.png?resize=768%2C328&amp;ssl=1 768w, https:\/\/i0.wp.com\/www.animabelge.be\/wp-content\/uploads\/2022\/01\/Polaroids1.png?resize=1536%2C657&amp;ssl=1 1536w, https:\/\/i0.wp.com\/www.animabelge.be\/wp-content\/uploads\/2022\/01\/Polaroids1.png?resize=2048%2C876&amp;ssl=1 2048w\" sizes=\"auto, (max-width: 767px) 89vw, (max-width: 1000px) 54vw, (max-width: 1071px) 543px, 580px\" \/><\/figure>\n<\/figure>\n\n\n\n<p><strong>QUAND ?<\/strong><\/p>\n\n\n\n<p>Du 23 au 27 f\u00e9vrier 2026 (stage d&rsquo;hiver)<br>Du 04 au 08 mai 2026 (stage de printemps)<br>Du 13 au 17 juillet 2026 (stage d&rsquo;\u00e9t\u00e9 1)<br>Du 17 au 21 ao\u00fbt 2026 (stage d&rsquo;\u00e9t\u00e9 2)<br>Du 19 au 23 octobre 2026 (stage d&rsquo;automne)<\/p>\n\n\n\n<p>De 9 h \u00e0 16 h &#8211; Garderie possible de 8 h \u00e0 17 h (1 \u20ac par demi-heure) &#8211; Pr\u00e9venir la veille.<\/p>\n\n\n\n<p><strong>POUR QUI<\/strong> ?<\/p>\n\n\n\n<p>Pour tous les enfants \u00e0 partir de 6 ans. <\/p>\n\n\n\n<p>Plus que l&rsquo;\u00e2ge, c&rsquo;est surtout l&rsquo;autonomie de l&rsquo;enfant qui est importante. N&rsquo;h\u00e9sitez pas \u00e0 nous consulter si votre enfant a moins de 6 ans et que vous souhaitez quand m\u00eame l&rsquo;inscrire.<\/p>\n\n\n\n<p><strong>POUR Y FAIRE QUOI ?<\/strong><\/p>\n\n\n\n<p>Le stage tournera autour du monde de l&rsquo;\u00e2ne, bien s\u00fbr. Mais pas que \u00e7a !<\/p>\n\n\n\n<p>Bien s\u00fbr qu&rsquo;il y aura des activit\u00e9s avec les \u00e2nes :<br><br>&#8211;<strong> D\u00e9couverte du monde de l&rsquo;\u00e2ne, les races, son caract\u00e8re&#8230;<br>&#8211; Manipulation des \u00e2nes, pansage, balade, randonn\u00e9e&#8230;<br>&#8211; Balade &#8211; mont\u00e9e ou non &#8211; avec les \u00e2nes dans nos belles campagnes.<\/strong><br><\/p>\n\n\n\n<p>D\u00e9couverte et soin aux autres animaux d&rsquo;Animabelge ASBL :<\/p>\n\n\n\n<p>&#8211;<strong> Vaches, ch\u00e8vres, mouton, poules, canards, chiens, cobayes, lapins, oies et bien d&rsquo;autres&#8230;<br>&#8211; En fonction de la m\u00e9t\u00e9o, activit\u00e9s nature, travail au potager, fabrication du pain, d\u00e9couverte du moulin \u00e0 eau, bricolages, jeux et plein d&rsquo;autres choses !<\/strong><br><strong>&#8211; Activit\u00e9s sur le th\u00e8me des saisons, cuisine, Halloween, P\u00e2ques&#8230;<\/strong><\/p>\n\n\n\n<figure class=\"wp-block-gallery has-nested-images columns-default is-cropped wp-block-gallery-2 is-layout-flex wp-block-gallery-is-layout-flex\">\n<figure class=\"wp-block-image size-large\"><img data-recalc-dims=\"1\" loading=\"lazy\" decoding=\"async\" width=\"525\" height=\"274\" data-attachment-id=\"1559\" data-permalink=\"https:\/\/www.animabelge.be\/?attachment_id=1559\" data-orig-file=\"https:\/\/i0.wp.com\/www.animabelge.be\/wp-content\/uploads\/2022\/01\/Polaroids2.png?fit=1913%2C1000&amp;ssl=1\" data-orig-size=\"1913,1000\" data-comments-opened=\"0\" data-image-meta=\"{&quot;aperture&quot;:&quot;0&quot;,&quot;credit&quot;:&quot;&quot;,&quot;camera&quot;:&quot;&quot;,&quot;caption&quot;:&quot;&quot;,&quot;created_timestamp&quot;:&quot;0&quot;,&quot;copyright&quot;:&quot;&quot;,&quot;focal_length&quot;:&quot;0&quot;,&quot;iso&quot;:&quot;0&quot;,&quot;shutter_speed&quot;:&quot;0&quot;,&quot;title&quot;:&quot;&quot;,&quot;orientation&quot;:&quot;0&quot;}\" data-image-title=\"Polaroids2\" data-image-description=\"\" data-image-caption=\"\" data-medium-file=\"https:\/\/i0.wp.com\/www.animabelge.be\/wp-content\/uploads\/2022\/01\/Polaroids2.png?fit=300%2C157&amp;ssl=1\" data-large-file=\"https:\/\/i0.wp.com\/www.animabelge.be\/wp-content\/uploads\/2022\/01\/Polaroids2.png?fit=525%2C274&amp;ssl=1\" data-id=\"1559\" src=\"https:\/\/i0.wp.com\/www.animabelge.be\/wp-content\/uploads\/2022\/01\/Polaroids2.png?resize=525%2C274\" alt=\"\" class=\"wp-image-1559\" srcset=\"https:\/\/i0.wp.com\/www.animabelge.be\/wp-content\/uploads\/2022\/01\/Polaroids2.png?resize=1024%2C535&amp;ssl=1 1024w, https:\/\/i0.wp.com\/www.animabelge.be\/wp-content\/uploads\/2022\/01\/Polaroids2.png?resize=300%2C157&amp;ssl=1 300w, https:\/\/i0.wp.com\/www.animabelge.be\/wp-content\/uploads\/2022\/01\/Polaroids2.png?resize=768%2C401&amp;ssl=1 768w, https:\/\/i0.wp.com\/www.animabelge.be\/wp-content\/uploads\/2022\/01\/Polaroids2.png?resize=1536%2C803&amp;ssl=1 1536w, https:\/\/i0.wp.com\/www.animabelge.be\/wp-content\/uploads\/2022\/01\/Polaroids2.png?w=1913&amp;ssl=1 1913w\" sizes=\"auto, (max-width: 767px) 89vw, (max-width: 1000px) 54vw, (max-width: 1071px) 543px, 580px\" \/><\/figure>\n<\/figure>\n\n\n\n<p><strong>PRIX<\/strong><\/p>\n\n\n\n<p>145 \u20ac pour la semaine. <strong><mark style=\"background-color:rgba(0, 0, 0, 0)\" class=\"has-inline-color has-vivid-red-color\">(Nouveaux tarifs \u00e0  partir du 1er janvier 2026)<\/mark><\/strong><\/p>\n\n\n\n<p><strong>O\u00d9 ?<\/strong><\/p>\n\n\n\n<p>Les activit\u00e9s se d\u00e9roulent sur deux sites :<br><br><strong>&#8211; Au si\u00e8ge social de l&rsquo;asbl : Rue Ruffin, 33 \u00e0 1495 Marbisoux <\/strong>(le jeudi)<strong><br>&#8211; Au moulin de Gentinnes : Rue du Moulin, 183 \u00e0 1450 Gentinnes<\/strong> (les lundi, mardi, mercredi et vendredi)<\/p>\n\n\n\n<p>Le lieu de rendez-vous vous sera communiqu\u00e9 en d\u00e9but de stage. Il pourra varier en fonction des activit\u00e9s pr\u00e9vues et de la m\u00e9t\u00e9o.<\/p>\n\n\n\n<p><strong>S&rsquo;INSCRIRE<\/strong><\/p>\n\n\n\n<p>Pour inscrire votre enfant, veuillez t\u00e9l\u00e9charger et compl\u00e9ter les 2 documents suivants, puis les renvoyer par e-mail \u00e0 l&rsquo;adresse suivante : dussartdaniel@gmail.com ou bien par courrier \u00e0 l&rsquo;une des deux adresses ci-dessus.<\/p>\n\n\n\n<div class=\"wp-block-file\"><a id=\"wp-block-file--media-cd537ba0-0585-454b-b096-e17a03e5e92b\" href=\"http:\/\/www.animabelge.be\/wp-content\/uploads\/2026\/01\/Inscription-stages-2026.pdf\">Fiche d&rsquo;inscription<\/a><a href=\"http:\/\/www.animabelge.be\/wp-content\/uploads\/2026\/01\/Inscription-stages-2026.pdf\" class=\"wp-block-file__button wp-element-button\" download aria-describedby=\"wp-block-file--media-cd537ba0-0585-454b-b096-e17a03e5e92b\">T\u00e9l\u00e9charger<\/a><\/div>\n\n\n\n<div class=\"wp-block-file\"><a id=\"wp-block-file--media-0a43ecda-e530-4540-85cc-6804c43023f5\" href=\"http:\/\/www.animabelge.be\/wp-content\/uploads\/2021\/06\/Fiche-medicale-1.pdf\">Fiche m\u00e9dicale<\/a><a href=\"http:\/\/www.animabelge.be\/wp-content\/uploads\/2021\/06\/Fiche-medicale-1.pdf\" class=\"wp-block-file__button wp-element-button\" download aria-describedby=\"wp-block-file--media-0a43ecda-e530-4540-85cc-6804c43023f5\">T\u00e9l\u00e9charger<\/a><\/div>\n\n\n\n<p><\/p>\n\n\n\n<p>En cas de souci pour t\u00e9l\u00e9charger ces documents, vous pouvez nous contacter \u00e9galement via le <a href=\"http:\/\/www.animabelge.be\/?page_id=18\">formulaire de contact<\/a> de notre site et, d\u00e9j\u00e0, nous transmettre les principaux renseignements demand\u00e9s. Nous reprendrons alors contact avec vous pour ce qui concerne les autres renseignements n\u00e9cessaires.<\/p>\n\n\n\n<p>Sur simple demande, nous pouvons \u00e9galement vous faire parvenir les formulaires par courrier. N&rsquo;h\u00e9sitez pas \u00e0 nous contacter.<\/p>\n\n\n\n<p>Merci d&rsquo;\u00e9viter les contacts t\u00e9l\u00e9phoniques pour vous inscrire car nous ne sommes pas toujours en mesure de noter les renseignements que vous devrez nous fournir. Par contre, nous pouvons vous renseigner sans probl\u00e8me par t\u00e9l\u00e9phone (0476.47.88.56)<\/p>\n\n\n\n<p><strong>CONSEILS PRATIQUES<\/strong><\/p>\n\n\n\n<p>Pr\u00e9voir des chaussures adapt\u00e9es (bottes, chaussures pour la marche) et des v\u00eatements adapt\u00e9s \u00e0 la m\u00e9t\u00e9o.<\/p>\n\n\n\n<p>Vous vous chargez de pr\u00e9voir le repas de midi et les collations pour votre enfant. De l&rsquo;eau est \u00e9videmment disponible \u00e0 volont\u00e9.<\/p>\n\n\n\n<p>Veillez \u00e0 vous assurer d&rsquo;\u00eatre en ordre d&rsquo;assurance familiale.<\/p>\n\n\n\n<p>Il est n\u00e9cessaire de pr\u00e9voir un casque de v\u00e9lo ou une bombe d&rsquo;\u00e9quitation pour les enfants qui souhaitent monter les \u00e2nes.<\/p>\n\n\n\n<figure class=\"wp-block-image size-full\"><img data-recalc-dims=\"1\" loading=\"lazy\" decoding=\"async\" width=\"525\" height=\"180\" data-attachment-id=\"1264\" data-permalink=\"https:\/\/www.animabelge.be\/?attachment_id=1264\" data-orig-file=\"https:\/\/i0.wp.com\/www.animabelge.be\/wp-content\/uploads\/2018\/10\/background-St-Hubert.jpg?fit=1000%2C343&amp;ssl=1\" data-orig-size=\"1000,343\" data-comments-opened=\"0\" data-image-meta=\"{&quot;aperture&quot;:&quot;0&quot;,&quot;credit&quot;:&quot;&quot;,&quot;camera&quot;:&quot;&quot;,&quot;caption&quot;:&quot;&quot;,&quot;created_timestamp&quot;:&quot;0&quot;,&quot;copyright&quot;:&quot;&quot;,&quot;focal_length&quot;:&quot;0&quot;,&quot;iso&quot;:&quot;0&quot;,&quot;shutter_speed&quot;:&quot;0&quot;,&quot;title&quot;:&quot;&quot;,&quot;orientation&quot;:&quot;0&quot;}\" data-image-title=\"background-St-Hubert\" data-image-description=\"\" data-image-caption=\"\" data-medium-file=\"https:\/\/i0.wp.com\/www.animabelge.be\/wp-content\/uploads\/2018\/10\/background-St-Hubert.jpg?fit=300%2C103&amp;ssl=1\" data-large-file=\"https:\/\/i0.wp.com\/www.animabelge.be\/wp-content\/uploads\/2018\/10\/background-St-Hubert.jpg?fit=525%2C180&amp;ssl=1\" src=\"https:\/\/i0.wp.com\/www.animabelge.be\/wp-content\/uploads\/2018\/10\/background-St-Hubert.jpg?resize=525%2C180\" alt=\"\" class=\"wp-image-1264\" srcset=\"https:\/\/i0.wp.com\/www.animabelge.be\/wp-content\/uploads\/2018\/10\/background-St-Hubert.jpg?w=1000&amp;ssl=1 1000w, https:\/\/i0.wp.com\/www.animabelge.be\/wp-content\/uploads\/2018\/10\/background-St-Hubert.jpg?resize=300%2C103&amp;ssl=1 300w, https:\/\/i0.wp.com\/www.animabelge.be\/wp-content\/uploads\/2018\/10\/background-St-Hubert.jpg?resize=768%2C263&amp;ssl=1 768w\" sizes=\"auto, (max-width: 767px) 89vw, (max-width: 1000px) 54vw, (max-width: 1071px) 543px, 580px\" \/><\/figure>\n","protected":false},"excerpt":{"rendered":"<p>En 2026, nous organisons 5 semaines de stages. La premi\u00e8re aura lieu en f\u00e9vrier, quatre autres ont lieu en mai, une en juillet, une en ao\u00fbt et la derni\u00e8re aura lieu \u00e0 l&rsquo;automne. Attention : nouveau tarif \u00e0 partir du 1er janvier 2026 Animabelge ASBL propose \u00e0 votre enfant de nous accompagner dans les t\u00e2ches &hellip; <\/p>\n<p class=\"link-more\"><a href=\"https:\/\/www.animabelge.be\/?page_id=1476\" class=\"more-link\">Continuer la lecture<span class=\"screen-reader-text\"> de &laquo;&nbsp;Stages&nbsp;&raquo;<\/span><\/a><\/p>\n","protected":false},"author":1,"featured_media":1712,"parent":0,"menu_order":0,"comment_status":"closed","ping_status":"closed","template":"","meta":{"jetpack_post_was_ever_published":false,"footnotes":""},"class_list":["post-1476","page","type-page","status-publish","has-post-thumbnail","hentry"],"jetpack_sharing_enabled":true,"jetpack_shortlink":"https:\/\/wp.me\/P9DO0T-nO","jetpack_likes_enabled":true,"jetpack-related-posts":[],"_links":{"self":[{"href":"https:\/\/www.animabelge.be\/index.php?rest_route=\/wp\/v2\/pages\/1476","targetHints":{"allow":["GET"]}}],"collection":[{"href":"https:\/\/www.animabelge.be\/index.php?rest_route=\/wp\/v2\/pages"}],"about":[{"href":"https:\/\/www.animabelge.be\/index.php?rest_route=\/wp\/v2\/types\/page"}],"author":[{"embeddable":true,"href":"https:\/\/www.animabelge.be\/index.php?rest_route=\/wp\/v2\/users\/1"}],"replies":[{"embeddable":true,"href":"https:\/\/www.animabelge.be\/index.php?rest_route=%2Fwp%2Fv2%2Fcomments&post=1476"}],"version-history":[{"count":70,"href":"https:\/\/www.animabelge.be\/index.php?rest_route=\/wp\/v2\/pages\/1476\/revisions"}],"predecessor-version":[{"id":1817,"href":"https:\/\/www.animabelge.be\/index.php?rest_route=\/wp\/v2\/pages\/1476\/revisions\/1817"}],"wp:featuredmedia":[{"embeddable":true,"href":"https:\/\/www.animabelge.be\/index.php?rest_route=\/wp\/v2\/media\/1712"}],"wp:attachment":[{"href":"https:\/\/www.animabelge.be\/index.php?rest_route=%2Fwp%2Fv2%2Fmedia&parent=1476"}],"curies":[{"name":"wp","href":"https:\/\/api.w.org\/{rel}","templated":true}]}}