{"id":246,"date":"2014-04-10T12:37:24","date_gmt":"2014-04-10T12:37:24","guid":{"rendered":"http:\/\/animabelgeasbl.wordpress.com\/?page_id=246"},"modified":"2019-07-28T11:26:12","modified_gmt":"2019-07-28T09:26:12","slug":"bourbonnais","status":"publish","type":"page","link":"https:\/\/www.animabelge.be\/?page_id=246","title":{"rendered":"Bourbonnais"},"content":{"rendered":"<p><span style=\"text-decoration: underline;\"><strong>\u00c9talons<\/strong><\/span><\/p>\n<p><em><strong>Vitis de par del\u00e0 l&rsquo;eau : (agr\u00e9\u00e9)<\/strong> <\/em><\/p>\n<p>N\u00e9 le 24\/03\/2009 <a href=\"http:\/\/animabelgeasbl.files.wordpress.com\/2012\/09\/p1020891.jpg\"><img data-recalc-dims=\"1\" loading=\"lazy\" decoding=\"async\" data-attachment-id=\"105\" data-permalink=\"https:\/\/www.animabelge.be\/?attachment_id=105\" data-orig-file=\"https:\/\/i0.wp.com\/www.animabelge.be\/wp-content\/uploads\/2012\/10\/p1020891.jpg?fit=2560%2C1920&amp;ssl=1\" data-orig-size=\"2560,1920\" data-comments-opened=\"1\" data-image-meta=\"{&quot;aperture&quot;:&quot;2.8&quot;,&quot;credit&quot;:&quot;&quot;,&quot;camera&quot;:&quot;DMC-FS10&quot;,&quot;caption&quot;:&quot;&quot;,&quot;created_timestamp&quot;:&quot;1348240850&quot;,&quot;copyright&quot;:&quot;&quot;,&quot;focal_length&quot;:&quot;5&quot;,&quot;iso&quot;:&quot;160&quot;,&quot;shutter_speed&quot;:&quot;0.033333333333333&quot;,&quot;title&quot;:&quot;&quot;,&quot;orientation&quot;:&quot;1&quot;}\" data-image-title=\"P1020891\" data-image-description=\"\" data-image-caption=\"\" data-medium-file=\"https:\/\/i0.wp.com\/www.animabelge.be\/wp-content\/uploads\/2012\/10\/p1020891.jpg?fit=300%2C225&amp;ssl=1\" data-large-file=\"https:\/\/i0.wp.com\/www.animabelge.be\/wp-content\/uploads\/2012\/10\/p1020891.jpg?fit=525%2C394&amp;ssl=1\" class=\"wp-image-105 aligncenter\" title=\"P1020891\" src=\"http:\/\/animabelgeasbl.files.wordpress.com\/2012\/09\/p1020891.jpg?w=300&#038;resize=245%2C186\" alt=\"\" width=\"245\" height=\"186\" \/><\/a><\/p>\n<p><strong><span style=\"text-decoration: underline;\">\u00c2nesse<\/span><\/strong><\/p>\n<p><strong><em>Pimkie:\u00a0 (non confirm\u00e9e) <\/em><\/strong><\/p>\n<p>N\u00e9e le 07\/05\/2003 <a href=\"http:\/\/animabelgeasbl.wordpress.com\/animaux\/anes\/dsc_0078\/\" rel=\"attachment wp-att-166\"><img data-recalc-dims=\"1\" loading=\"lazy\" decoding=\"async\" data-attachment-id=\"166\" data-permalink=\"https:\/\/www.animabelge.be\/?attachment_id=166\" data-orig-file=\"https:\/\/i0.wp.com\/www.animabelge.be\/wp-content\/uploads\/2012\/12\/dsc_0078.jpg?fit=2592%2C3872&amp;ssl=1\" data-orig-size=\"2592,3872\" data-comments-opened=\"1\" data-image-meta=\"{&quot;aperture&quot;:&quot;5.6&quot;,&quot;credit&quot;:&quot;&quot;,&quot;camera&quot;:&quot;NIKON D60&quot;,&quot;caption&quot;:&quot;&quot;,&quot;created_timestamp&quot;:&quot;1343584130&quot;,&quot;copyright&quot;:&quot;&quot;,&quot;focal_length&quot;:&quot;105&quot;,&quot;iso&quot;:&quot;200&quot;,&quot;shutter_speed&quot;:&quot;0.0025&quot;,&quot;title&quot;:&quot;&quot;,&quot;orientation&quot;:&quot;1&quot;}\" data-image-title=\"DSC_0078\" data-image-description=\"\" data-image-caption=\"\" data-medium-file=\"https:\/\/i0.wp.com\/www.animabelge.be\/wp-content\/uploads\/2012\/12\/dsc_0078.jpg?fit=201%2C300&amp;ssl=1\" data-large-file=\"https:\/\/i0.wp.com\/www.animabelge.be\/wp-content\/uploads\/2012\/12\/dsc_0078.jpg?fit=525%2C785&amp;ssl=1\" class=\"aligncenter size-medium wp-image-166\" src=\"http:\/\/animabelgeasbl.files.wordpress.com\/2012\/09\/dsc_0078.jpg?w=200&#038;resize=200%2C300\" alt=\"DSC_0078\" width=\"200\" height=\"300\" \/><\/a><\/p>\n<p>&nbsp;<\/p>\n<p><a href=\"https:\/\/animabelgeasbl.wordpress.com\/animaux\/anes\/bourbonnais\/attachment\/048\/\" rel=\"attachment wp-att-503\"><img data-recalc-dims=\"1\" loading=\"lazy\" decoding=\"async\" data-attachment-id=\"503\" data-permalink=\"https:\/\/www.animabelge.be\/?attachment_id=503\" data-orig-file=\"https:\/\/i0.wp.com\/www.animabelge.be\/wp-content\/uploads\/2015\/11\/048.jpg?fit=5152%2C3864&amp;ssl=1\" data-orig-size=\"5152,3864\" data-comments-opened=\"1\" data-image-meta=\"{&quot;aperture&quot;:&quot;5.1&quot;,&quot;credit&quot;:&quot;&quot;,&quot;camera&quot;:&quot;COOLPIX S3600&quot;,&quot;caption&quot;:&quot;&quot;,&quot;created_timestamp&quot;:&quot;1400412830&quot;,&quot;copyright&quot;:&quot;&quot;,&quot;focal_length&quot;:&quot;10.5&quot;,&quot;iso&quot;:&quot;80&quot;,&quot;shutter_speed&quot;:&quot;0.025&quot;,&quot;title&quot;:&quot;&quot;,&quot;orientation&quot;:&quot;1&quot;}\" data-image-title=\"048\" data-image-description=\"\" data-image-caption=\"\" data-medium-file=\"https:\/\/i0.wp.com\/www.animabelge.be\/wp-content\/uploads\/2015\/11\/048.jpg?fit=300%2C225&amp;ssl=1\" data-large-file=\"https:\/\/i0.wp.com\/www.animabelge.be\/wp-content\/uploads\/2015\/11\/048.jpg?fit=525%2C394&amp;ssl=1\" class=\"aligncenter size-medium wp-image-503\" src=\"https:\/\/animabelgeasbl.files.wordpress.com\/2014\/04\/048.jpg?w=300&#038;resize=300%2C225\" alt=\"048\" width=\"300\" height=\"225\" \/><\/a><\/p>\n<p>&nbsp;<\/p>\n<p><strong>Fl\u00e9ole du Hagny\u00a0 <\/strong><\/p>\n<p>N\u00e9e le 28 mars 2015<\/p>\n<p>Fille de Vitis van de Hippomaan et de Pimkie de par del\u00e0 l&rsquo;eau<\/p>\n<p><a href=\"https:\/\/animabelgeasbl.files.wordpress.com\/2012\/09\/dsc_0161.jpg\"><img data-recalc-dims=\"1\" loading=\"lazy\" decoding=\"async\" class=\"aligncenter size-medium wp-image-272\" src=\"https:\/\/animabelgeasbl.files.wordpress.com\/2012\/09\/dsc_0161.jpg?w=300&#038;resize=300%2C201\" alt=\"DSC_0161\" width=\"300\" height=\"201\" \/><\/a><\/p>\n","protected":false},"excerpt":{"rendered":"<p>\u00c9talons Vitis de par del\u00e0 l&rsquo;eau : (agr\u00e9\u00e9) N\u00e9 le 24\/03\/2009 \u00c2nesse Pimkie:\u00a0 (non confirm\u00e9e) N\u00e9e le 07\/05\/2003 &nbsp; &nbsp; Fl\u00e9ole du Hagny\u00a0 N\u00e9e le 28 mars 2015 Fille de Vitis van de Hippomaan et de Pimkie de par del\u00e0 l&rsquo;eau<\/p>\n","protected":false},"author":2,"featured_media":0,"parent":963,"menu_order":0,"comment_status":"closed","ping_status":"open","template":"","meta":{"jetpack_post_was_ever_published":false,"footnotes":""},"class_list":["post-246","page","type-page","status-publish","hentry"],"jetpack_sharing_enabled":true,"jetpack_shortlink":"https:\/\/wp.me\/P9DO0T-3Y","jetpack_likes_enabled":true,"jetpack-related-posts":[],"_links":{"self":[{"href":"https:\/\/www.animabelge.be\/index.php?rest_route=\/wp\/v2\/pages\/246","targetHints":{"allow":["GET"]}}],"collection":[{"href":"https:\/\/www.animabelge.be\/index.php?rest_route=\/wp\/v2\/pages"}],"about":[{"href":"https:\/\/www.animabelge.be\/index.php?rest_route=\/wp\/v2\/types\/page"}],"author":[{"embeddable":true,"href":"https:\/\/www.animabelge.be\/index.php?rest_route=\/wp\/v2\/users\/2"}],"replies":[{"embeddable":true,"href":"https:\/\/www.animabelge.be\/index.php?rest_route=%2Fwp%2Fv2%2Fcomments&post=246"}],"version-history":[{"count":3,"href":"https:\/\/www.animabelge.be\/index.php?rest_route=\/wp\/v2\/pages\/246\/revisions"}],"predecessor-version":[{"id":1057,"href":"https:\/\/www.animabelge.be\/index.php?rest_route=\/wp\/v2\/pages\/246\/revisions\/1057"}],"up":[{"embeddable":true,"href":"https:\/\/www.animabelge.be\/index.php?rest_route=\/wp\/v2\/pages\/963"}],"wp:attachment":[{"href":"https:\/\/www.animabelge.be\/index.php?rest_route=%2Fwp%2Fv2%2Fmedia&parent=246"}],"curies":[{"name":"wp","href":"https:\/\/api.w.org\/{rel}","templated":true}]}}